{"id":322,"date":"2025-10-03T17:29:28","date_gmt":"2025-10-03T15:29:28","guid":{"rendered":"http:\/\/janescher.de\/?page_id=322"},"modified":"2025-10-04T19:14:57","modified_gmt":"2025-10-04T17:14:57","slug":"sperlingskauz-am-amtsgericht","status":"publish","type":"page","link":"https:\/\/www.eulenforschung.de\/index.php\/eulenwissen\/sperlingskauz-am-amtsgericht\/","title":{"rendered":"Sperlingskauz am Amtsgericht"},"content":{"rendered":"\n<h2 class=\"wp-block-heading\">Der Sperlingskauz am Amtsgericht<\/h2>\n\n\n\n<p>Es war 9.00 Uhr morgens, als Susanne Langer am 19. Juli 2021 urpl\u00f6tzlich einen Schlag am Fenster ihres B\u00fcros im Amtsgericht Ludwigsburg h\u00f6rte \u2013 ein Vogel war gegen die Scheibe geflogen. Sofort eilte Frau Langer hinaus, um nach dem wom\u00f6glich verletzten Tier zu suchen. Die \u00dcberraschung war gro\u00df, als sie einen auf dem R\u00fccken liegenden <a href=\"https:\/\/www.eulenforschung.de\/index.php\/sperlingskauz\/\" data-type=\"page\" data-id=\"311\">Sperlingskauz (Glaucidium passerinum)<\/a> unter ihrem Amtsfenster fand. Die benommene Eule wurde umgehend ins <a href=\"https:\/\/www.tierheim-lb.de\" target=\"_blank\" rel=\"noreferrer noopener\">Tierheim Ludwigsburg<\/a> in Hoheneck in die Obhut von Frau Ursula Gericke gebracht.<\/p>\n\n\n\n<figure class=\"wp-block-image size-full is-resized\"><img loading=\"lazy\" decoding=\"async\" width=\"800\" height=\"600\" src=\"http:\/\/janescher.de\/wp-content\/uploads\/2025\/10\/Sperlingskauz-Tierheim.jpg\" alt=\"\" class=\"wp-image-323\" style=\"aspect-ratio:1;width:20px;height:auto\" srcset=\"https:\/\/www.eulenforschung.de\/wp-content\/uploads\/2025\/10\/Sperlingskauz-Tierheim.jpg 800w, https:\/\/www.eulenforschung.de\/wp-content\/uploads\/2025\/10\/Sperlingskauz-Tierheim-300x225.jpg 300w, https:\/\/www.eulenforschung.de\/wp-content\/uploads\/2025\/10\/Sperlingskauz-Tierheim-768x576.jpg 768w, https:\/\/www.eulenforschung.de\/wp-content\/uploads\/2025\/10\/Sperlingskauz-Tierheim-400x300.jpg 400w, https:\/\/www.eulenforschung.de\/wp-content\/uploads\/2025\/10\/Sperlingskauz-Tierheim-240x180.jpg 240w\" sizes=\"auto, (max-width: 800px) 100vw, 800px\" \/><\/figure>\n\n\n\n<p>Am 22. Juli wurde der Kauz vom Ludwigsburger Ornithologen und Eulen-Experten Prof. Dr. Claus K\u00f6nig sowie von Herbert Keil (Vorsitzender FOGE e.V.) begutachtet und als genesen beurteilt. Man entschied sich, den Vogel m\u00f6glichst zeitnah auszuwildern. Der Sperlingskauz wurde zun\u00e4chst beringt und dann in eine geeignete Transportbox gesetzt.<\/p>\n\n\n\n<figure class=\"wp-block-image size-full\"><img loading=\"lazy\" decoding=\"async\" width=\"600\" height=\"800\" src=\"http:\/\/janescher.de\/wp-content\/uploads\/2025\/10\/Sperlingskauz-2021-Fund-aus-LB-33-Juli-01a_filtered-1.jpg\" alt=\"\" class=\"wp-image-324\" srcset=\"https:\/\/www.eulenforschung.de\/wp-content\/uploads\/2025\/10\/Sperlingskauz-2021-Fund-aus-LB-33-Juli-01a_filtered-1.jpg 600w, https:\/\/www.eulenforschung.de\/wp-content\/uploads\/2025\/10\/Sperlingskauz-2021-Fund-aus-LB-33-Juli-01a_filtered-1-225x300.jpg 225w, https:\/\/www.eulenforschung.de\/wp-content\/uploads\/2025\/10\/Sperlingskauz-2021-Fund-aus-LB-33-Juli-01a_filtered-1-135x180.jpg 135w\" sizes=\"auto, (max-width: 600px) 100vw, 600px\" \/><figcaption class=\"wp-element-caption\">Der Sperlingskauz wird untersucht. Foto: Claus K\u00f6nig<\/figcaption><\/figure>\n\n\n\n<p>Prof. Dr. K\u00f6nig und seine Frau Ingrid nahmen die M\u00fche auf sich, den Kauz in ein geeignetes Habitat in Enzkl\u00f6sterle im Nordschwarzwald zu fahren, um ihn dort auszuwildern. Der zust\u00e4ndige Revierbeamte des Forstamtes wurde von Ehepaar K\u00f6nig \u00fcber das Vorhaben informiert.<\/p>\n\n\n\n<figure class=\"wp-block-image size-full\"><img loading=\"lazy\" decoding=\"async\" width=\"800\" height=\"600\" src=\"http:\/\/janescher.de\/wp-content\/uploads\/2025\/10\/Ingrid-Koenig-2021-mit-Spauz-Transportkaefig-Enzkloesterle-22-Juli-01a.jpg\" alt=\"\" class=\"wp-image-325\" srcset=\"https:\/\/www.eulenforschung.de\/wp-content\/uploads\/2025\/10\/Ingrid-Koenig-2021-mit-Spauz-Transportkaefig-Enzkloesterle-22-Juli-01a.jpg 800w, https:\/\/www.eulenforschung.de\/wp-content\/uploads\/2025\/10\/Ingrid-Koenig-2021-mit-Spauz-Transportkaefig-Enzkloesterle-22-Juli-01a-300x225.jpg 300w, https:\/\/www.eulenforschung.de\/wp-content\/uploads\/2025\/10\/Ingrid-Koenig-2021-mit-Spauz-Transportkaefig-Enzkloesterle-22-Juli-01a-768x576.jpg 768w, https:\/\/www.eulenforschung.de\/wp-content\/uploads\/2025\/10\/Ingrid-Koenig-2021-mit-Spauz-Transportkaefig-Enzkloesterle-22-Juli-01a-400x300.jpg 400w, https:\/\/www.eulenforschung.de\/wp-content\/uploads\/2025\/10\/Ingrid-Koenig-2021-mit-Spauz-Transportkaefig-Enzkloesterle-22-Juli-01a-240x180.jpg 240w\" sizes=\"auto, (max-width: 800px) 100vw, 800px\" \/><figcaption class=\"wp-element-caption\">Ingrid K\u00f6nig mit dem Kauz in der Transportbox. Foto: Claus K\u00f6nig<\/figcaption><\/figure>\n\n\n\n<p>Nachdem die Transportbox ge\u00f6ffnet war, flog der Sperlingskauz fast senkrecht in die H\u00f6he und lie\u00df sich ca. 20 m hoch auf einen Aststummel an einer toten Kiefer nieder. Dort verweilte er kurz und schaute sich um. Dann flog er in den dichten Hochwald ab und verschwand.<\/p>\n\n\n\n<figure class=\"wp-block-image size-full\"><img loading=\"lazy\" decoding=\"async\" width=\"800\" height=\"600\" src=\"http:\/\/janescher.de\/wp-content\/uploads\/2025\/10\/Sperlingskauz-2021-M-Ludwigsburg-freigelassen-Enzkloesterle-22Juli-02a_fil-1.jpg\" alt=\"\" class=\"wp-image-326\" srcset=\"https:\/\/www.eulenforschung.de\/wp-content\/uploads\/2025\/10\/Sperlingskauz-2021-M-Ludwigsburg-freigelassen-Enzkloesterle-22Juli-02a_fil-1.jpg 800w, https:\/\/www.eulenforschung.de\/wp-content\/uploads\/2025\/10\/Sperlingskauz-2021-M-Ludwigsburg-freigelassen-Enzkloesterle-22Juli-02a_fil-1-300x225.jpg 300w, https:\/\/www.eulenforschung.de\/wp-content\/uploads\/2025\/10\/Sperlingskauz-2021-M-Ludwigsburg-freigelassen-Enzkloesterle-22Juli-02a_fil-1-768x576.jpg 768w, https:\/\/www.eulenforschung.de\/wp-content\/uploads\/2025\/10\/Sperlingskauz-2021-M-Ludwigsburg-freigelassen-Enzkloesterle-22Juli-02a_fil-1-400x300.jpg 400w, https:\/\/www.eulenforschung.de\/wp-content\/uploads\/2025\/10\/Sperlingskauz-2021-M-Ludwigsburg-freigelassen-Enzkloesterle-22Juli-02a_fil-1-240x180.jpg 240w\" sizes=\"auto, (max-width: 800px) 100vw, 800px\" \/><figcaption class=\"wp-element-caption\">Der Sperlingskauz direkt nach der Freilassung. Foto: Claus K\u00f6nig<\/figcaption><\/figure>\n\n\n\n<p>Beim Sperlingskauz (Glaucidium passerinum) handelt es sich um die kleinste einheimische Eulenart. In Baden-W\u00fcrttemberg hat er einen Verbreitungsschwerpunkt in den gro\u00dffl\u00e4chigen Nadelw\u00e4ldern des Schwarzwalds \u2013 aber auch auf der Schw\u00e4bischen Alb, im Sch\u00f6nbuch und sogar im Stromberg wurden schon Bruten festgestellt. Regelm\u00e4\u00dfig besetzte Reviere konnten allerdings im Stromberg bisher nie nachgewiesen werden. Der Fund des verunfallten Sperlingskauzes in Ludwigsburg zeigt aber, dass eine Besiedlung neuer Lebensr\u00e4ume jederzeit m\u00f6glich ist.<\/p>\n\n\n\n<figure class=\"wp-block-image size-full\"><img loading=\"lazy\" decoding=\"async\" width=\"800\" height=\"600\" src=\"http:\/\/janescher.de\/wp-content\/uploads\/2025\/10\/Enzkloesterle-2021-Spauzrevier-22-Juli-01a.jpg\" alt=\"\" class=\"wp-image-327\" srcset=\"https:\/\/www.eulenforschung.de\/wp-content\/uploads\/2025\/10\/Enzkloesterle-2021-Spauzrevier-22-Juli-01a.jpg 800w, https:\/\/www.eulenforschung.de\/wp-content\/uploads\/2025\/10\/Enzkloesterle-2021-Spauzrevier-22-Juli-01a-300x225.jpg 300w, https:\/\/www.eulenforschung.de\/wp-content\/uploads\/2025\/10\/Enzkloesterle-2021-Spauzrevier-22-Juli-01a-768x576.jpg 768w, https:\/\/www.eulenforschung.de\/wp-content\/uploads\/2025\/10\/Enzkloesterle-2021-Spauzrevier-22-Juli-01a-400x300.jpg 400w, https:\/\/www.eulenforschung.de\/wp-content\/uploads\/2025\/10\/Enzkloesterle-2021-Spauzrevier-22-Juli-01a-240x180.jpg 240w\" sizes=\"auto, (max-width: 800px) 100vw, 800px\" \/><figcaption class=\"wp-element-caption\">Der zur Auswilderung bestimmte Lebensraum im Nordschwarzwald. Foto: Claus K\u00f6nig<\/figcaption><\/figure>\n\n\n\n<p>Unklar ist, woher der Vogel stammt und wo er sich niedergelassen h\u00e4tte, wenn er nicht mitten in der Stadt vor ein Fenster geflogen w\u00e4re. Bei dem Kauz handelte es sich um ein vorj\u00e4hriges M\u00e4nnchen, das kurz vor der ersten Vollmauser stand. In diesem Alter streifen die K\u00e4uze viel umher. Die weitesten bekannten Entfernungen liegen bei etwa 300 km.&nbsp;<\/p>\n\n\n\n<p>Sicherlich bietet der&nbsp; im Grenzbereich der Landkreise Ludwigsburg, Heilbronn, Enzkreis und Karlsruhe gelegene Stromberg ein gewisses Potential f\u00fcr den Sperlingskauz. Allerdings kommt hier auch der <a href=\"https:\/\/eulenforschung.de\/mehr-ueber-eulen\/eulenarten\/waldkauz\/\">Waldkauz<\/a> als Fressfeind des Sperlingskauzes in einer recht hohen Bestandsdichte vor. Eine \u2013 von m\u00f6glichen Einzelvorkommen abgesehen \u2013 fl\u00e4chenhafte Ausbreitung des Sperlingskauzes im Stromberg erscheint daher unter den aktuellen Bedingungen eher unwahrscheinlich.<\/p>\n","protected":false},"excerpt":{"rendered":"<p>Der Sperlingskauz am Amtsgericht Es war 9.00 Uhr morgens, als Susanne Langer am 19. Juli 2021 urpl\u00f6tzlich einen Schlag am Fenster ihres B\u00fcros im Amtsgericht Ludwigsburg h\u00f6rte \u2013 ein Vogel&hellip;<\/p>\n","protected":false},"author":1,"featured_media":0,"parent":2,"menu_order":0,"comment_status":"closed","ping_status":"closed","template":"","meta":{"footnotes":""},"class_list":["post-322","page","type-page","status-publish","hentry","empty-entry-meta"],"yoast_head":"<!-- This site is optimized with the Yoast SEO plugin v27.5 - https:\/\/yoast.com\/product\/yoast-seo-wordpress\/ -->\n<title>Sperlingskauz am Amtsgericht - FOGE-Eulenforschung<\/title>\n<meta name=\"robots\" content=\"index, follow, max-snippet:-1, max-image-preview:large, max-video-preview:-1\" \/>\n<link rel=\"canonical\" href=\"https:\/\/www.eulenforschung.de\/index.php\/eulenwissen\/sperlingskauz-am-amtsgericht\/\" \/>\n<meta property=\"og:locale\" content=\"de_DE\" \/>\n<meta property=\"og:type\" content=\"article\" \/>\n<meta property=\"og:title\" content=\"Sperlingskauz am Amtsgericht - FOGE-Eulenforschung\" \/>\n<meta property=\"og:description\" content=\"Der Sperlingskauz am Amtsgericht Es war 9.00 Uhr morgens, als Susanne Langer am 19. Juli 2021 urpl\u00f6tzlich einen Schlag am Fenster ihres B\u00fcros im Amtsgericht Ludwigsburg h\u00f6rte \u2013 ein Vogel&hellip;\" \/>\n<meta property=\"og:url\" content=\"https:\/\/www.eulenforschung.de\/index.php\/eulenwissen\/sperlingskauz-am-amtsgericht\/\" \/>\n<meta property=\"og:site_name\" content=\"FOGE-Eulenforschung\" \/>\n<meta property=\"article:modified_time\" content=\"2025-10-04T17:14:57+00:00\" \/>\n<meta property=\"og:image\" content=\"http:\/\/janescher.de\/wp-content\/uploads\/2025\/10\/Sperlingskauz-Tierheim.jpg\" \/>\n<meta name=\"twitter:card\" content=\"summary_large_image\" \/>\n<meta name=\"twitter:label1\" content=\"Gesch\u00e4tzte Lesezeit\" \/>\n\t<meta name=\"twitter:data1\" content=\"2\u00a0Minuten\" \/>\n<script type=\"application\/ld+json\" class=\"yoast-schema-graph\">{\"@context\":\"https:\\\/\\\/schema.org\",\"@graph\":[{\"@type\":\"WebPage\",\"@id\":\"https:\\\/\\\/www.eulenforschung.de\\\/index.php\\\/eulenwissen\\\/sperlingskauz-am-amtsgericht\\\/\",\"url\":\"https:\\\/\\\/www.eulenforschung.de\\\/index.php\\\/eulenwissen\\\/sperlingskauz-am-amtsgericht\\\/\",\"name\":\"Sperlingskauz am Amtsgericht - FOGE-Eulenforschung\",\"isPartOf\":{\"@id\":\"https:\\\/\\\/www.eulenforschung.de\\\/#website\"},\"primaryImageOfPage\":{\"@id\":\"https:\\\/\\\/www.eulenforschung.de\\\/index.php\\\/eulenwissen\\\/sperlingskauz-am-amtsgericht\\\/#primaryimage\"},\"image\":{\"@id\":\"https:\\\/\\\/www.eulenforschung.de\\\/index.php\\\/eulenwissen\\\/sperlingskauz-am-amtsgericht\\\/#primaryimage\"},\"thumbnailUrl\":\"http:\\\/\\\/janescher.de\\\/wp-content\\\/uploads\\\/2025\\\/10\\\/Sperlingskauz-Tierheim.jpg\",\"datePublished\":\"2025-10-03T15:29:28+00:00\",\"dateModified\":\"2025-10-04T17:14:57+00:00\",\"breadcrumb\":{\"@id\":\"https:\\\/\\\/www.eulenforschung.de\\\/index.php\\\/eulenwissen\\\/sperlingskauz-am-amtsgericht\\\/#breadcrumb\"},\"inLanguage\":\"de\",\"potentialAction\":[{\"@type\":\"ReadAction\",\"target\":[\"https:\\\/\\\/www.eulenforschung.de\\\/index.php\\\/eulenwissen\\\/sperlingskauz-am-amtsgericht\\\/\"]}]},{\"@type\":\"ImageObject\",\"inLanguage\":\"de\",\"@id\":\"https:\\\/\\\/www.eulenforschung.de\\\/index.php\\\/eulenwissen\\\/sperlingskauz-am-amtsgericht\\\/#primaryimage\",\"url\":\"http:\\\/\\\/janescher.de\\\/wp-content\\\/uploads\\\/2025\\\/10\\\/Sperlingskauz-Tierheim.jpg\",\"contentUrl\":\"http:\\\/\\\/janescher.de\\\/wp-content\\\/uploads\\\/2025\\\/10\\\/Sperlingskauz-Tierheim.jpg\"},{\"@type\":\"BreadcrumbList\",\"@id\":\"https:\\\/\\\/www.eulenforschung.de\\\/index.php\\\/eulenwissen\\\/sperlingskauz-am-amtsgericht\\\/#breadcrumb\",\"itemListElement\":[{\"@type\":\"ListItem\",\"position\":1,\"name\":\"Startseite\",\"item\":\"https:\\\/\\\/www.eulenforschung.de\\\/\"},{\"@type\":\"ListItem\",\"position\":2,\"name\":\"Die heimischen Eulenarten\",\"item\":\"https:\\\/\\\/www.eulenforschung.de\\\/index.php\\\/eulenwissen\\\/\"},{\"@type\":\"ListItem\",\"position\":3,\"name\":\"Sperlingskauz am Amtsgericht\"}]},{\"@type\":\"WebSite\",\"@id\":\"https:\\\/\\\/www.eulenforschung.de\\\/#website\",\"url\":\"https:\\\/\\\/www.eulenforschung.de\\\/\",\"name\":\"FOGE-Eulenforschung\",\"description\":\"Forschungsgemeinschaft zur Erhaltung einheimischer Eulen e.V.\",\"alternateName\":\"Forschungsgemeinschaft zur Erhaltung einheimischer Eulen e.V.\",\"potentialAction\":[{\"@type\":\"SearchAction\",\"target\":{\"@type\":\"EntryPoint\",\"urlTemplate\":\"https:\\\/\\\/www.eulenforschung.de\\\/?s={search_term_string}\"},\"query-input\":{\"@type\":\"PropertyValueSpecification\",\"valueRequired\":true,\"valueName\":\"search_term_string\"}}],\"inLanguage\":\"de\"}]}<\/script>\n<!-- \/ Yoast SEO plugin. -->","yoast_head_json":{"title":"Sperlingskauz am Amtsgericht - FOGE-Eulenforschung","robots":{"index":"index","follow":"follow","max-snippet":"max-snippet:-1","max-image-preview":"max-image-preview:large","max-video-preview":"max-video-preview:-1"},"canonical":"https:\/\/www.eulenforschung.de\/index.php\/eulenwissen\/sperlingskauz-am-amtsgericht\/","og_locale":"de_DE","og_type":"article","og_title":"Sperlingskauz am Amtsgericht - FOGE-Eulenforschung","og_description":"Der Sperlingskauz am Amtsgericht Es war 9.00 Uhr morgens, als Susanne Langer am 19. Juli 2021 urpl\u00f6tzlich einen Schlag am Fenster ihres B\u00fcros im Amtsgericht Ludwigsburg h\u00f6rte \u2013 ein Vogel&hellip;","og_url":"https:\/\/www.eulenforschung.de\/index.php\/eulenwissen\/sperlingskauz-am-amtsgericht\/","og_site_name":"FOGE-Eulenforschung","article_modified_time":"2025-10-04T17:14:57+00:00","og_image":[{"url":"http:\/\/janescher.de\/wp-content\/uploads\/2025\/10\/Sperlingskauz-Tierheim.jpg","type":"","width":"","height":""}],"twitter_card":"summary_large_image","twitter_misc":{"Gesch\u00e4tzte Lesezeit":"2\u00a0Minuten"},"schema":{"@context":"https:\/\/schema.org","@graph":[{"@type":"WebPage","@id":"https:\/\/www.eulenforschung.de\/index.php\/eulenwissen\/sperlingskauz-am-amtsgericht\/","url":"https:\/\/www.eulenforschung.de\/index.php\/eulenwissen\/sperlingskauz-am-amtsgericht\/","name":"Sperlingskauz am Amtsgericht - FOGE-Eulenforschung","isPartOf":{"@id":"https:\/\/www.eulenforschung.de\/#website"},"primaryImageOfPage":{"@id":"https:\/\/www.eulenforschung.de\/index.php\/eulenwissen\/sperlingskauz-am-amtsgericht\/#primaryimage"},"image":{"@id":"https:\/\/www.eulenforschung.de\/index.php\/eulenwissen\/sperlingskauz-am-amtsgericht\/#primaryimage"},"thumbnailUrl":"http:\/\/janescher.de\/wp-content\/uploads\/2025\/10\/Sperlingskauz-Tierheim.jpg","datePublished":"2025-10-03T15:29:28+00:00","dateModified":"2025-10-04T17:14:57+00:00","breadcrumb":{"@id":"https:\/\/www.eulenforschung.de\/index.php\/eulenwissen\/sperlingskauz-am-amtsgericht\/#breadcrumb"},"inLanguage":"de","potentialAction":[{"@type":"ReadAction","target":["https:\/\/www.eulenforschung.de\/index.php\/eulenwissen\/sperlingskauz-am-amtsgericht\/"]}]},{"@type":"ImageObject","inLanguage":"de","@id":"https:\/\/www.eulenforschung.de\/index.php\/eulenwissen\/sperlingskauz-am-amtsgericht\/#primaryimage","url":"http:\/\/janescher.de\/wp-content\/uploads\/2025\/10\/Sperlingskauz-Tierheim.jpg","contentUrl":"http:\/\/janescher.de\/wp-content\/uploads\/2025\/10\/Sperlingskauz-Tierheim.jpg"},{"@type":"BreadcrumbList","@id":"https:\/\/www.eulenforschung.de\/index.php\/eulenwissen\/sperlingskauz-am-amtsgericht\/#breadcrumb","itemListElement":[{"@type":"ListItem","position":1,"name":"Startseite","item":"https:\/\/www.eulenforschung.de\/"},{"@type":"ListItem","position":2,"name":"Die heimischen Eulenarten","item":"https:\/\/www.eulenforschung.de\/index.php\/eulenwissen\/"},{"@type":"ListItem","position":3,"name":"Sperlingskauz am Amtsgericht"}]},{"@type":"WebSite","@id":"https:\/\/www.eulenforschung.de\/#website","url":"https:\/\/www.eulenforschung.de\/","name":"FOGE-Eulenforschung","description":"Forschungsgemeinschaft zur Erhaltung einheimischer Eulen e.V.","alternateName":"Forschungsgemeinschaft zur Erhaltung einheimischer Eulen e.V.","potentialAction":[{"@type":"SearchAction","target":{"@type":"EntryPoint","urlTemplate":"https:\/\/www.eulenforschung.de\/?s={search_term_string}"},"query-input":{"@type":"PropertyValueSpecification","valueRequired":true,"valueName":"search_term_string"}}],"inLanguage":"de"}]}},"_links":{"self":[{"href":"https:\/\/www.eulenforschung.de\/index.php\/wp-json\/wp\/v2\/pages\/322","targetHints":{"allow":["GET"]}}],"collection":[{"href":"https:\/\/www.eulenforschung.de\/index.php\/wp-json\/wp\/v2\/pages"}],"about":[{"href":"https:\/\/www.eulenforschung.de\/index.php\/wp-json\/wp\/v2\/types\/page"}],"author":[{"embeddable":true,"href":"https:\/\/www.eulenforschung.de\/index.php\/wp-json\/wp\/v2\/users\/1"}],"replies":[{"embeddable":true,"href":"https:\/\/www.eulenforschung.de\/index.php\/wp-json\/wp\/v2\/comments?post=322"}],"version-history":[{"count":4,"href":"https:\/\/www.eulenforschung.de\/index.php\/wp-json\/wp\/v2\/pages\/322\/revisions"}],"predecessor-version":[{"id":409,"href":"https:\/\/www.eulenforschung.de\/index.php\/wp-json\/wp\/v2\/pages\/322\/revisions\/409"}],"up":[{"embeddable":true,"href":"https:\/\/www.eulenforschung.de\/index.php\/wp-json\/wp\/v2\/pages\/2"}],"wp:attachment":[{"href":"https:\/\/www.eulenforschung.de\/index.php\/wp-json\/wp\/v2\/media?parent=322"}],"curies":[{"name":"wp","href":"https:\/\/api.w.org\/{rel}","templated":true}]}}