{"id":305,"date":"2025-10-03T17:10:48","date_gmt":"2025-10-03T15:10:48","guid":{"rendered":"http:\/\/janescher.de\/?page_id=305"},"modified":"2025-10-03T19:14:55","modified_gmt":"2025-10-03T17:14:55","slug":"raufusskauz","status":"publish","type":"page","link":"https:\/\/www.eulenforschung.de\/index.php\/raufusskauz\/","title":{"rendered":"Der Raufu\u00dfkauz (Aegolius funereus)"},"content":{"rendered":"\n<h2 class=\"wp-block-heading\">Merkmale<\/h2>\n\n\n\n<p>Der Raufu\u00dfkauz ist nur wenig gr\u00f6\u00dfer als der Steinkauz, unterscheidet sich jedoch deutlich durch den dickeren und runderen Kopf sowie den l\u00e4ngeren Schwanz. Sein Gefieder ist oberseits graubraun mit zahlreichen wei\u00dfen Flecken gemustert . Die Unterseite ist wei\u00df mit erdbraunen L\u00e4ngs- und Querflecken. Beine und Zehen sind stark wei\u00df befiedert, was auch zu dem Namen \u201eRaufu\u00dfkauz\u201c gef\u00fchrt hat. Jungv\u00f6gel sind auffallend schokoladenbraun mit deutlich geringerer Fleckung.<\/p>\n\n\n\n<figure class=\"wp-block-image size-full\"><img loading=\"lazy\" decoding=\"async\" width=\"300\" height=\"195\" src=\"http:\/\/janescher.de\/wp-content\/uploads\/2025\/10\/Raufusskauz-c-Claus-Koenig-300x195-1.jpg\" alt=\"\" class=\"wp-image-306\" srcset=\"https:\/\/www.eulenforschung.de\/wp-content\/uploads\/2025\/10\/Raufusskauz-c-Claus-Koenig-300x195-1.jpg 300w, https:\/\/www.eulenforschung.de\/wp-content\/uploads\/2025\/10\/Raufusskauz-c-Claus-Koenig-300x195-1-277x180.jpg 277w\" sizes=\"auto, (max-width: 300px) 100vw, 300px\" \/><figcaption class=\"wp-element-caption\">Foto: Claus K\u00f6nig<\/figcaption><\/figure>\n\n\n\n<h2 class=\"wp-block-heading\">Lebensraum<\/h2>\n\n\n\n<p>Der Raufu\u00dfkauz besiedelt Altholzbest\u00e4nde, in denen vom Schwarzspecht geschaffene H\u00f6hlen vorhanden sind. Als Tagessitz ben\u00f6tigt er dichte Nadelb\u00e4ume, in denen er sich vor Feinden verstecken kann. Er jagt im Inneren der W\u00e4lder auf Schneisen und Lichtungen. Im Kreis Ludwigsburg kommt er in den Buchenw\u00e4ldern des Strombergs vor.<\/p>\n\n\n\n<h2 class=\"wp-block-heading\">Nahrung<\/h2>\n\n\n\n<p>Die Hauptnahrung des Raufu\u00dfkauzes stellen Langschwanz- und W\u00fchlm\u00e4use dar.<\/p>\n\n\n\n<h2 class=\"wp-block-heading\">Gef\u00e4hrdung<\/h2>\n\n\n\n<p>Hauptfeind ist der Marder, der sowohl in der Wohnungssuche mit dem Raufu\u00dfkauz konkurriert, als auch beim Absuchen von H\u00f6hlen nach Nahrung die Gelege und Jungen des Raufu\u00dfkauzes erbeutet. Durch das F\u00e4llen der Altholzbest\u00e4nde, insbesondere der H\u00f6hlenb\u00e4ume, werden die nat\u00fcrlichen Brutpl\u00e4tze beseitigt.<\/p>\n\n\n\n<h2 class=\"wp-block-heading\">Schutzma\u00dfnahmen<\/h2>\n\n\n\n<p>Erhalten von Altholzbest\u00e4nden, insbesondere B\u00e4ume mit Schwarzspechth\u00f6hlen. Aufh\u00e4ngen von Nistk\u00e4sten in W\u00e4ldern ohne ausreichend nat\u00fcrliche H\u00f6hlen. Anbringen von Marderschutz an besetzten H\u00f6hlen und Nistk\u00e4sten.<\/p>\n","protected":false},"excerpt":{"rendered":"<p>Merkmale Der Raufu\u00dfkauz ist nur wenig gr\u00f6\u00dfer als der Steinkauz, unterscheidet sich jedoch deutlich durch den dickeren und runderen Kopf sowie den l\u00e4ngeren Schwanz. Sein Gefieder ist oberseits graubraun mit&hellip;<\/p>\n","protected":false},"author":1,"featured_media":0,"parent":0,"menu_order":0,"comment_status":"closed","ping_status":"closed","template":"","meta":{"footnotes":""},"class_list":["post-305","page","type-page","status-publish","hentry","empty-entry-meta"],"yoast_head":"<!-- This site is optimized with the Yoast SEO plugin v27.5 - https:\/\/yoast.com\/product\/yoast-seo-wordpress\/ -->\n<title>Der Raufu\u00dfkauz (Aegolius funereus) - FOGE-Eulenforschung<\/title>\n<meta name=\"robots\" content=\"index, follow, max-snippet:-1, max-image-preview:large, max-video-preview:-1\" \/>\n<link rel=\"canonical\" href=\"https:\/\/www.eulenforschung.de\/index.php\/raufusskauz\/\" \/>\n<meta property=\"og:locale\" content=\"de_DE\" \/>\n<meta property=\"og:type\" content=\"article\" \/>\n<meta property=\"og:title\" content=\"Der Raufu\u00dfkauz (Aegolius funereus) - FOGE-Eulenforschung\" \/>\n<meta property=\"og:description\" content=\"Merkmale Der Raufu\u00dfkauz ist nur wenig gr\u00f6\u00dfer als der Steinkauz, unterscheidet sich jedoch deutlich durch den dickeren und runderen Kopf sowie den l\u00e4ngeren Schwanz. Sein Gefieder ist oberseits graubraun mit&hellip;\" \/>\n<meta property=\"og:url\" content=\"https:\/\/www.eulenforschung.de\/index.php\/raufusskauz\/\" \/>\n<meta property=\"og:site_name\" content=\"FOGE-Eulenforschung\" \/>\n<meta property=\"article:modified_time\" content=\"2025-10-03T17:14:55+00:00\" \/>\n<meta property=\"og:image\" content=\"http:\/\/janescher.de\/wp-content\/uploads\/2025\/10\/Raufusskauz-c-Claus-Koenig-300x195-1.jpg\" \/>\n<meta name=\"twitter:card\" content=\"summary_large_image\" \/>\n<meta name=\"twitter:label1\" content=\"Gesch\u00e4tzte Lesezeit\" \/>\n\t<meta name=\"twitter:data1\" content=\"1\u00a0Minute\" \/>\n<script type=\"application\/ld+json\" class=\"yoast-schema-graph\">{\"@context\":\"https:\\\/\\\/schema.org\",\"@graph\":[{\"@type\":\"WebPage\",\"@id\":\"https:\\\/\\\/www.eulenforschung.de\\\/index.php\\\/raufusskauz\\\/\",\"url\":\"https:\\\/\\\/www.eulenforschung.de\\\/index.php\\\/raufusskauz\\\/\",\"name\":\"Der Raufu\u00dfkauz (Aegolius funereus) - FOGE-Eulenforschung\",\"isPartOf\":{\"@id\":\"https:\\\/\\\/www.eulenforschung.de\\\/#website\"},\"primaryImageOfPage\":{\"@id\":\"https:\\\/\\\/www.eulenforschung.de\\\/index.php\\\/raufusskauz\\\/#primaryimage\"},\"image\":{\"@id\":\"https:\\\/\\\/www.eulenforschung.de\\\/index.php\\\/raufusskauz\\\/#primaryimage\"},\"thumbnailUrl\":\"http:\\\/\\\/janescher.de\\\/wp-content\\\/uploads\\\/2025\\\/10\\\/Raufusskauz-c-Claus-Koenig-300x195-1.jpg\",\"datePublished\":\"2025-10-03T15:10:48+00:00\",\"dateModified\":\"2025-10-03T17:14:55+00:00\",\"breadcrumb\":{\"@id\":\"https:\\\/\\\/www.eulenforschung.de\\\/index.php\\\/raufusskauz\\\/#breadcrumb\"},\"inLanguage\":\"de\",\"potentialAction\":[{\"@type\":\"ReadAction\",\"target\":[\"https:\\\/\\\/www.eulenforschung.de\\\/index.php\\\/raufusskauz\\\/\"]}]},{\"@type\":\"ImageObject\",\"inLanguage\":\"de\",\"@id\":\"https:\\\/\\\/www.eulenforschung.de\\\/index.php\\\/raufusskauz\\\/#primaryimage\",\"url\":\"http:\\\/\\\/janescher.de\\\/wp-content\\\/uploads\\\/2025\\\/10\\\/Raufusskauz-c-Claus-Koenig-300x195-1.jpg\",\"contentUrl\":\"http:\\\/\\\/janescher.de\\\/wp-content\\\/uploads\\\/2025\\\/10\\\/Raufusskauz-c-Claus-Koenig-300x195-1.jpg\"},{\"@type\":\"BreadcrumbList\",\"@id\":\"https:\\\/\\\/www.eulenforschung.de\\\/index.php\\\/raufusskauz\\\/#breadcrumb\",\"itemListElement\":[{\"@type\":\"ListItem\",\"position\":1,\"name\":\"Startseite\",\"item\":\"https:\\\/\\\/www.eulenforschung.de\\\/\"},{\"@type\":\"ListItem\",\"position\":2,\"name\":\"Der Raufu\u00dfkauz (Aegolius funereus)\"}]},{\"@type\":\"WebSite\",\"@id\":\"https:\\\/\\\/www.eulenforschung.de\\\/#website\",\"url\":\"https:\\\/\\\/www.eulenforschung.de\\\/\",\"name\":\"FOGE-Eulenforschung\",\"description\":\"Forschungsgemeinschaft zur Erhaltung einheimischer Eulen e.V.\",\"alternateName\":\"Forschungsgemeinschaft zur Erhaltung einheimischer Eulen e.V.\",\"potentialAction\":[{\"@type\":\"SearchAction\",\"target\":{\"@type\":\"EntryPoint\",\"urlTemplate\":\"https:\\\/\\\/www.eulenforschung.de\\\/?s={search_term_string}\"},\"query-input\":{\"@type\":\"PropertyValueSpecification\",\"valueRequired\":true,\"valueName\":\"search_term_string\"}}],\"inLanguage\":\"de\"}]}<\/script>\n<!-- \/ Yoast SEO plugin. -->","yoast_head_json":{"title":"Der Raufu\u00dfkauz (Aegolius funereus) - FOGE-Eulenforschung","robots":{"index":"index","follow":"follow","max-snippet":"max-snippet:-1","max-image-preview":"max-image-preview:large","max-video-preview":"max-video-preview:-1"},"canonical":"https:\/\/www.eulenforschung.de\/index.php\/raufusskauz\/","og_locale":"de_DE","og_type":"article","og_title":"Der Raufu\u00dfkauz (Aegolius funereus) - FOGE-Eulenforschung","og_description":"Merkmale Der Raufu\u00dfkauz ist nur wenig gr\u00f6\u00dfer als der Steinkauz, unterscheidet sich jedoch deutlich durch den dickeren und runderen Kopf sowie den l\u00e4ngeren Schwanz. Sein Gefieder ist oberseits graubraun mit&hellip;","og_url":"https:\/\/www.eulenforschung.de\/index.php\/raufusskauz\/","og_site_name":"FOGE-Eulenforschung","article_modified_time":"2025-10-03T17:14:55+00:00","og_image":[{"url":"http:\/\/janescher.de\/wp-content\/uploads\/2025\/10\/Raufusskauz-c-Claus-Koenig-300x195-1.jpg","type":"","width":"","height":""}],"twitter_card":"summary_large_image","twitter_misc":{"Gesch\u00e4tzte Lesezeit":"1\u00a0Minute"},"schema":{"@context":"https:\/\/schema.org","@graph":[{"@type":"WebPage","@id":"https:\/\/www.eulenforschung.de\/index.php\/raufusskauz\/","url":"https:\/\/www.eulenforschung.de\/index.php\/raufusskauz\/","name":"Der Raufu\u00dfkauz (Aegolius funereus) - FOGE-Eulenforschung","isPartOf":{"@id":"https:\/\/www.eulenforschung.de\/#website"},"primaryImageOfPage":{"@id":"https:\/\/www.eulenforschung.de\/index.php\/raufusskauz\/#primaryimage"},"image":{"@id":"https:\/\/www.eulenforschung.de\/index.php\/raufusskauz\/#primaryimage"},"thumbnailUrl":"http:\/\/janescher.de\/wp-content\/uploads\/2025\/10\/Raufusskauz-c-Claus-Koenig-300x195-1.jpg","datePublished":"2025-10-03T15:10:48+00:00","dateModified":"2025-10-03T17:14:55+00:00","breadcrumb":{"@id":"https:\/\/www.eulenforschung.de\/index.php\/raufusskauz\/#breadcrumb"},"inLanguage":"de","potentialAction":[{"@type":"ReadAction","target":["https:\/\/www.eulenforschung.de\/index.php\/raufusskauz\/"]}]},{"@type":"ImageObject","inLanguage":"de","@id":"https:\/\/www.eulenforschung.de\/index.php\/raufusskauz\/#primaryimage","url":"http:\/\/janescher.de\/wp-content\/uploads\/2025\/10\/Raufusskauz-c-Claus-Koenig-300x195-1.jpg","contentUrl":"http:\/\/janescher.de\/wp-content\/uploads\/2025\/10\/Raufusskauz-c-Claus-Koenig-300x195-1.jpg"},{"@type":"BreadcrumbList","@id":"https:\/\/www.eulenforschung.de\/index.php\/raufusskauz\/#breadcrumb","itemListElement":[{"@type":"ListItem","position":1,"name":"Startseite","item":"https:\/\/www.eulenforschung.de\/"},{"@type":"ListItem","position":2,"name":"Der Raufu\u00dfkauz (Aegolius funereus)"}]},{"@type":"WebSite","@id":"https:\/\/www.eulenforschung.de\/#website","url":"https:\/\/www.eulenforschung.de\/","name":"FOGE-Eulenforschung","description":"Forschungsgemeinschaft zur Erhaltung einheimischer Eulen e.V.","alternateName":"Forschungsgemeinschaft zur Erhaltung einheimischer Eulen e.V.","potentialAction":[{"@type":"SearchAction","target":{"@type":"EntryPoint","urlTemplate":"https:\/\/www.eulenforschung.de\/?s={search_term_string}"},"query-input":{"@type":"PropertyValueSpecification","valueRequired":true,"valueName":"search_term_string"}}],"inLanguage":"de"}]}},"_links":{"self":[{"href":"https:\/\/www.eulenforschung.de\/index.php\/wp-json\/wp\/v2\/pages\/305","targetHints":{"allow":["GET"]}}],"collection":[{"href":"https:\/\/www.eulenforschung.de\/index.php\/wp-json\/wp\/v2\/pages"}],"about":[{"href":"https:\/\/www.eulenforschung.de\/index.php\/wp-json\/wp\/v2\/types\/page"}],"author":[{"embeddable":true,"href":"https:\/\/www.eulenforschung.de\/index.php\/wp-json\/wp\/v2\/users\/1"}],"replies":[{"embeddable":true,"href":"https:\/\/www.eulenforschung.de\/index.php\/wp-json\/wp\/v2\/comments?post=305"}],"version-history":[{"count":1,"href":"https:\/\/www.eulenforschung.de\/index.php\/wp-json\/wp\/v2\/pages\/305\/revisions"}],"predecessor-version":[{"id":307,"href":"https:\/\/www.eulenforschung.de\/index.php\/wp-json\/wp\/v2\/pages\/305\/revisions\/307"}],"wp:attachment":[{"href":"https:\/\/www.eulenforschung.de\/index.php\/wp-json\/wp\/v2\/media?parent=305"}],"curies":[{"name":"wp","href":"https:\/\/api.w.org\/{rel}","templated":true}]}}