{"id":124,"date":"2025-09-20T18:29:35","date_gmt":"2025-09-20T16:29:35","guid":{"rendered":"http:\/\/janescher.de\/?page_id=124"},"modified":"2025-10-03T19:03:25","modified_gmt":"2025-10-03T17:03:25","slug":"ueber-uns","status":"publish","type":"page","link":"https:\/\/www.eulenforschung.de\/index.php\/ueber-uns\/","title":{"rendered":"\u00dcber uns"},"content":{"rendered":"\n<p>Die <strong>Forschungsgemeinschaft zur Erhaltung einheimischer Eulen e. V. (FOGE)<\/strong> engagiert sich seit 1988 f\u00fcr den Schutz, die Erforschung und den Erhalt von Eulenarten \u2013 mit besonderem Fokus auf den Steinkauz im Landkreis Ludwigsburg.<\/p>\n\n\n\n<p>Wir verbinden wissenschaftliche Untersuchungen mit praktischen Ma\u00dfnahmen: Lebensr\u00e4ume werden gepflegt, Nisthilfen betreut und Best\u00e4nde dokumentiert. So tragen wir dazu bei, bedrohten Eulen langfristig eine Zukunft zu sichern.<\/p>\n\n\n\n<p>Unsere Arbeit erfolgt ehrenamtlich und in enger Zusammenarbeit mit Naturschutzbeh\u00f6rden, Kommunen und engagierten B\u00fcrgerinnen und B\u00fcrgern. Jeder Beitrag z\u00e4hlt \u2013 ob durch Mitgliedschaft, Mithilfe oder Spenden.<\/p>\n\n\n\n<p><strong>Gemeinsam sorgen wir daf\u00fcr, dass Eulen bei uns heimisch bleiben.<\/strong><\/p>\n\n\n\n<div style=\"height:35px\" aria-hidden=\"true\" class=\"wp-block-spacer\"><\/div>\n\n\n\n<hr class=\"wp-block-separator has-alpha-channel-opacity\"\/>\n\n\n\n<h1 class=\"wp-block-heading\">Auszeichnungen<\/h1>\n\n\n\n<div class=\"wp-block-media-text is-stacked-on-mobile\" style=\"grid-template-columns:29% auto\"><figure class=\"wp-block-media-text__media\"><img loading=\"lazy\" decoding=\"async\" width=\"300\" height=\"200\" src=\"http:\/\/janescher.de\/wp-content\/uploads\/2025\/10\/csm_181201_Keil_01_d736520d0e-300x200-1.jpg\" alt=\"\" class=\"wp-image-147 size-full\" srcset=\"https:\/\/www.eulenforschung.de\/wp-content\/uploads\/2025\/10\/csm_181201_Keil_01_d736520d0e-300x200-1.jpg 300w, https:\/\/www.eulenforschung.de\/wp-content\/uploads\/2025\/10\/csm_181201_Keil_01_d736520d0e-300x200-1-270x180.jpg 270w\" sizes=\"auto, (max-width: 300px) 100vw, 300px\" \/><\/figure><div class=\"wp-block-media-text__content\">\n<p><strong>Bundesverdienstkreuz f\u00fcr FOGE-Vorsitzenden Herbert Keil<\/strong><\/p>\n\n\n\n<p>Am 1. Dezember 2018 erhielt Herbert Keil das Bundesverdienstkreuz f\u00fcr seine Arbeit in der FOGE.<\/p>\n\n\n\n<p><\/p>\n<\/div><\/div>\n\n\n\n<div style=\"height:35px\" aria-hidden=\"true\" class=\"wp-block-spacer\"><\/div>\n\n\n\n<div class=\"wp-block-media-text is-stacked-on-mobile\" style=\"grid-template-columns:29% auto\"><figure class=\"wp-block-media-text__media\"><img loading=\"lazy\" decoding=\"async\" width=\"300\" height=\"200\" src=\"http:\/\/janescher.de\/wp-content\/uploads\/2025\/10\/Edeka-Unsere-Heimat-Natur-300x200-1.jpg\" alt=\"\" class=\"wp-image-148 size-full\" srcset=\"https:\/\/www.eulenforschung.de\/wp-content\/uploads\/2025\/10\/Edeka-Unsere-Heimat-Natur-300x200-1.jpg 300w, https:\/\/www.eulenforschung.de\/wp-content\/uploads\/2025\/10\/Edeka-Unsere-Heimat-Natur-300x200-1-270x180.jpg 270w\" sizes=\"auto, (max-width: 300px) 100vw, 300px\" \/><\/figure><div class=\"wp-block-media-text__content\">\n<p><strong>Edeka \u201eUnsere Heimat &amp; Natur\u201c<\/strong><\/p>\n\n\n\n<p>2014 wurde die FOGE von Edeka S\u00fcdwest und der Stiftung \u201eNatureLife-International\u201c im Rahmen der Initiative &#8222;Unsere Heimat &amp; Natur&#8220; ausgezeichnet.<\/p>\n<\/div><\/div>\n\n\n\n<div style=\"height:35px\" aria-hidden=\"true\" class=\"wp-block-spacer\"><\/div>\n\n\n\n<div class=\"wp-block-media-text is-stacked-on-mobile\" style=\"grid-template-columns:29% auto\"><figure class=\"wp-block-media-text__media\"><img loading=\"lazy\" decoding=\"async\" width=\"300\" height=\"195\" src=\"http:\/\/janescher.de\/wp-content\/uploads\/2025\/10\/Foto-der-Preistraeger.jpg\" alt=\"\" class=\"wp-image-149 size-full\" srcset=\"https:\/\/www.eulenforschung.de\/wp-content\/uploads\/2025\/10\/Foto-der-Preistraeger.jpg 300w, https:\/\/www.eulenforschung.de\/wp-content\/uploads\/2025\/10\/Foto-der-Preistraeger-277x180.jpg 277w\" sizes=\"auto, (max-width: 300px) 100vw, 300px\" \/><\/figure><div class=\"wp-block-media-text__content\">\n<p><strong>F\u00f6rderpreis der Region Stuttgart<\/strong><\/p>\n\n\n\n<p>2008 wurde die FOGE mit dem F\u00f6rderpreis der Region Stuttgart geehrt.<\/p>\n<\/div><\/div>\n\n\n\n<div style=\"height:35px\" aria-hidden=\"true\" class=\"wp-block-spacer\"><\/div>\n\n\n\n<hr class=\"wp-block-separator has-alpha-channel-opacity\"\/>\n\n\n\n<h1 class=\"wp-block-heading\">Presseberichte<\/h1>\n\n\n\n<div class=\"wp-block-media-text is-stacked-on-mobile\" style=\"grid-template-columns:29% auto\"><figure class=\"wp-block-media-text__media\"><a href=\"https:\/\/www.stuttgarter-zeitung.de\/inhalt.aktion-in-steinheim-faszinierend-und-geheim-hier-werden-kleine-steinkaeuze-beringt.b41655fa-f0c2-4c81-8ada-94f4d97b37cc.html\" target=\"_blank\" rel=\" noreferrer noopener\"><img loading=\"lazy\" decoding=\"async\" width=\"1024\" height=\"576\" src=\"http:\/\/janescher.de\/wp-content\/uploads\/2025\/10\/media.media_.99535106-8cf0-4bfd-89aa-a4296f4a3199.original1024-1024x576.jpg\" alt=\"\" class=\"wp-image-156 size-full\" srcset=\"https:\/\/www.eulenforschung.de\/wp-content\/uploads\/2025\/10\/media.media_.99535106-8cf0-4bfd-89aa-a4296f4a3199.original1024-1024x576.jpg 1024w, https:\/\/www.eulenforschung.de\/wp-content\/uploads\/2025\/10\/media.media_.99535106-8cf0-4bfd-89aa-a4296f4a3199.original1024-300x169.jpg 300w, https:\/\/www.eulenforschung.de\/wp-content\/uploads\/2025\/10\/media.media_.99535106-8cf0-4bfd-89aa-a4296f4a3199.original1024-768x432.jpg 768w, https:\/\/www.eulenforschung.de\/wp-content\/uploads\/2025\/10\/media.media_.99535106-8cf0-4bfd-89aa-a4296f4a3199.original1024-800x450.jpg 800w, https:\/\/www.eulenforschung.de\/wp-content\/uploads\/2025\/10\/media.media_.99535106-8cf0-4bfd-89aa-a4296f4a3199.original1024-320x180.jpg 320w, https:\/\/www.eulenforschung.de\/wp-content\/uploads\/2025\/10\/media.media_.99535106-8cf0-4bfd-89aa-a4296f4a3199.original1024.jpg 1200w\" sizes=\"auto, (max-width: 1024px) 100vw, 1024px\" \/><\/a><\/figure><div class=\"wp-block-media-text__content\">\n<p><strong>24.06.2024: &#8222;Faszinierend und geheim \u2013 hier werden kleine Steink\u00e4uze beringt&#8220; (Stuttgarter Zeitung)<\/strong><\/p>\n\n\n\n<p>Die Stuttgarter Zeitung berichtet \u00fcber eine \u00f6ffentliche Steinkauz-Beringung in Steinheim an der Murr mit der ASS. (Bild: Werner Kuhnle)<\/p>\n<\/div><\/div>\n\n\n\n<div style=\"height:35px\" aria-hidden=\"true\" class=\"wp-block-spacer\"><\/div>\n\n\n\n<div class=\"wp-block-media-text is-stacked-on-mobile\" style=\"grid-template-columns:29% auto\"><figure class=\"wp-block-media-text__media\"><a href=\"https:\/\/www.bietigheimerzeitung.de\/inhalt.eulenschutz-im-landkreis-ludwigsburg-mehr-steinkaeuze-dank-nisthilfen.fc2033b0-2455-4be5-9907-7f98ce4e744e.html\" target=\"_blank\" rel=\" noreferrer noopener\"><img loading=\"lazy\" decoding=\"async\" width=\"700\" height=\"467\" src=\"http:\/\/janescher.de\/wp-content\/uploads\/2025\/10\/media.media_.9160ad5e-692f-4d7b-9319-ceebe3ed7b52.original700.jpg\" alt=\"\" class=\"wp-image-159 size-full\" srcset=\"https:\/\/www.eulenforschung.de\/wp-content\/uploads\/2025\/10\/media.media_.9160ad5e-692f-4d7b-9319-ceebe3ed7b52.original700.jpg 700w, https:\/\/www.eulenforschung.de\/wp-content\/uploads\/2025\/10\/media.media_.9160ad5e-692f-4d7b-9319-ceebe3ed7b52.original700-300x200.jpg 300w, https:\/\/www.eulenforschung.de\/wp-content\/uploads\/2025\/10\/media.media_.9160ad5e-692f-4d7b-9319-ceebe3ed7b52.original700-270x180.jpg 270w\" sizes=\"auto, (max-width: 700px) 100vw, 700px\" \/><\/a><\/figure><div class=\"wp-block-media-text__content\">\n<p><strong>20.04.2022: &#8222;Eulenschutz im Kreis Ludwigsburg \u2013 mehr Steink\u00e4uze dank Nisthilfen&#8220; (Bietigheimer Zeitung)<\/strong><\/p>\n\n\n\n<p>Die Bietigheimer Zeitung berichtet \u00fcber die Arbeit der FOGE, die Entwicklung des Steinkauzbestands im Landkreis Ludwigsburg und die Gr\u00fcnde f\u00fcr die erfolgreichen Schutzma\u00dfnahmen. (Bild: FOGE)<\/p>\n<\/div><\/div>\n\n\n\n<div style=\"height:35px\" aria-hidden=\"true\" class=\"wp-block-spacer\"><\/div>\n\n\n\n<div class=\"wp-block-media-text is-stacked-on-mobile\" style=\"grid-template-columns:29% auto\"><figure class=\"wp-block-media-text__media\"><a href=\"https:\/\/eulenforschung.de\/wp-content\/uploads\/2025\/10\/Eulen-Rundblick_71-2021_Keil.pdf\" target=\"_blank\" rel=\" noreferrer noopener\"><img loading=\"lazy\" decoding=\"async\" width=\"768\" height=\"576\" src=\"http:\/\/janescher.de\/wp-content\/uploads\/2025\/10\/berwachungsstation-2-768x576-1.jpg\" alt=\"\" class=\"wp-image-162 size-full\" srcset=\"https:\/\/www.eulenforschung.de\/wp-content\/uploads\/2025\/10\/berwachungsstation-2-768x576-1.jpg 768w, https:\/\/www.eulenforschung.de\/wp-content\/uploads\/2025\/10\/berwachungsstation-2-768x576-1-300x225.jpg 300w, https:\/\/www.eulenforschung.de\/wp-content\/uploads\/2025\/10\/berwachungsstation-2-768x576-1-400x300.jpg 400w, https:\/\/www.eulenforschung.de\/wp-content\/uploads\/2025\/10\/berwachungsstation-2-768x576-1-240x180.jpg 240w\" sizes=\"auto, (max-width: 768px) 100vw, 768px\" \/><\/a><\/figure><div class=\"wp-block-media-text__content\">\n<p><strong>24.07.2021: &#8222;\u00dcberlebensrate und Dispersion im ersten Lebensjahr von Steink\u00e4uzen (Athene noctua) im Landkreis Ludwigsburg&#8220; (Eulen-Rundblick)<\/strong><\/p>\n\n\n\n<p>Wissenschaftlicher Fachbeitrag von FOGE-Vorsitzendem Herbert Keil im Eulen-Rundblick (Ausgabe 71, 2021, S. 94\u2013100). Den vollst\u00e4ndigen Artikel gibt es als PDF<\/p>\n\n\n\n<p><\/p>\n<\/div><\/div>\n\n\n\n<div style=\"height:35px\" aria-hidden=\"true\" class=\"wp-block-spacer\"><\/div>\n\n\n\n<div class=\"wp-block-media-text is-stacked-on-mobile\" style=\"grid-template-columns:29% auto\"><figure class=\"wp-block-media-text__media\"><a href=\"http:\/\/eulenforschung.de\/wp-content\/uploads\/2025\/10\/LA102_Steinkauz1.pdf\" target=\"_blank\" rel=\" noreferrer noopener\"><img loading=\"lazy\" decoding=\"async\" width=\"824\" height=\"459\" src=\"http:\/\/janescher.de\/wp-content\/uploads\/2025\/10\/Leo_Aktiv.jpg\" alt=\"\" class=\"wp-image-189 size-full\" srcset=\"https:\/\/www.eulenforschung.de\/wp-content\/uploads\/2025\/10\/Leo_Aktiv.jpg 824w, https:\/\/www.eulenforschung.de\/wp-content\/uploads\/2025\/10\/Leo_Aktiv-300x167.jpg 300w, https:\/\/www.eulenforschung.de\/wp-content\/uploads\/2025\/10\/Leo_Aktiv-768x428.jpg 768w, https:\/\/www.eulenforschung.de\/wp-content\/uploads\/2025\/10\/Leo_Aktiv-800x446.jpg 800w, https:\/\/www.eulenforschung.de\/wp-content\/uploads\/2025\/10\/Leo_Aktiv-323x180.jpg 323w\" sizes=\"auto, (max-width: 824px) 100vw, 824px\" \/><\/a><\/figure><div class=\"wp-block-media-text__content\">\n<p><strong>06.05.2021: &#8222;Steink\u00e4uze brauchen unsere Hilfe&#8220; (LEO AKTIV)<\/strong><\/p>\n\n\n\n<p>LEO AKTIV (Ausgabe 102 \/ M\u00e4rz 2021) ver\u00f6ffentlichte einen zweiseitigen Artikel \u00fcber die Arbeit der FOGE im Grenzbereich Ludwigsburg\/B\u00f6blingen. Der Artikel steht hier als PDF bereit. (Foto: J\u00fcrgen Bach)<\/p>\n<\/div><\/div>\n\n\n\n<div style=\"height:35px\" aria-hidden=\"true\" class=\"wp-block-spacer\"><\/div>\n\n\n\n<div class=\"wp-block-media-text is-stacked-on-mobile\" style=\"grid-template-columns:29% auto\"><figure class=\"wp-block-media-text__media\"><a href=\"https:\/\/www.leonberger-kreiszeitung.de\/inhalt.ein-fall-fuer-die-leonberger-schlammbrueder-der-steinkauz-ist-zurueck-in-leonberg.d9645a29-27b1-4a62-95d6-09b4dbde4d30.html\" target=\"_blank\" rel=\" noreferrer noopener\"><img loading=\"lazy\" decoding=\"async\" width=\"768\" height=\"512\" src=\"http:\/\/janescher.de\/wp-content\/uploads\/2025\/10\/Steinkauz-Altvogel-3-768x512-1.jpg\" alt=\"\" class=\"wp-image-278 size-full\" srcset=\"https:\/\/www.eulenforschung.de\/wp-content\/uploads\/2025\/10\/Steinkauz-Altvogel-3-768x512-1.jpg 768w, https:\/\/www.eulenforschung.de\/wp-content\/uploads\/2025\/10\/Steinkauz-Altvogel-3-768x512-1-300x200.jpg 300w, https:\/\/www.eulenforschung.de\/wp-content\/uploads\/2025\/10\/Steinkauz-Altvogel-3-768x512-1-270x180.jpg 270w\" sizes=\"auto, (max-width: 768px) 100vw, 768px\" \/><\/a><\/figure><div class=\"wp-block-media-text__content\">\n<p><strong>06.12.2020: &#8222;Der Steinkauz ist zur\u00fcck in Leonberg&#8220; (Leonberger Kreiszeitung)<\/strong><\/p>\n\n\n\n<p>Auch im Kreis Leonberg geht es mit dem Steinkauz wieder aufw\u00e4rts. Die Leonberger Kreiszeitung hat \u00fcber die Naturschutzgruppe &#8222;Eltinger Schlammbr\u00fcder&#8220;, die eng mit FOGE-Gebietsbetreuer Roland Krebs zusammenarbeitet, berichtet. (Foto: FOGE)<\/p>\n<\/div><\/div>\n\n\n\n<div style=\"height:35px\" aria-hidden=\"true\" class=\"wp-block-spacer\"><\/div>\n\n\n\n<div class=\"wp-block-media-text is-stacked-on-mobile\" style=\"grid-template-columns:29% auto\"><figure class=\"wp-block-media-text__media\"><a href=\"http:\/\/eulenforschung.de\/wp-content\/uploads\/2025\/10\/2020-Eulen-Rundblick-70-Rapp.pdf\" target=\"_blank\" rel=\" noreferrer noopener\"><img loading=\"lazy\" decoding=\"async\" width=\"768\" height=\"576\" src=\"http:\/\/janescher.de\/wp-content\/uploads\/2025\/10\/Kameraueberwachung-768x576-1.jpg\" alt=\"\" class=\"wp-image-282 size-full\" srcset=\"https:\/\/www.eulenforschung.de\/wp-content\/uploads\/2025\/10\/Kameraueberwachung-768x576-1.jpg 768w, https:\/\/www.eulenforschung.de\/wp-content\/uploads\/2025\/10\/Kameraueberwachung-768x576-1-300x225.jpg 300w, https:\/\/www.eulenforschung.de\/wp-content\/uploads\/2025\/10\/Kameraueberwachung-768x576-1-400x300.jpg 400w, https:\/\/www.eulenforschung.de\/wp-content\/uploads\/2025\/10\/Kameraueberwachung-768x576-1-240x180.jpg 240w\" sizes=\"auto, (max-width: 768px) 100vw, 768px\" \/><\/a><\/figure><div class=\"wp-block-media-text__content\">\n<p><strong>01.08.2020: &#8222;Drei Jahre Beobachtungen mit einer Wildtierkamera&#8220; (Eulen-Rundblick)<\/strong><\/p>\n\n\n\n<p>FOGE-Mitglied Roland Rapp beobachtete mit einer Wildtierkamera drei Jahre lang einen Steinkauzbrutplatz. Die Ergebnisse erschienen im <em>Eulen-Rundblick<\/em> (70\/2020, S. 41\u201344). Den Artikel finden Sie hier als PDF. Hinweis: 2018 war das Kameradatum falsch; die korrekten Daten stehen im Dokument unter den Bildern.<\/p>\n<\/div><\/div>\n\n\n\n<div style=\"height:35px\" aria-hidden=\"true\" class=\"wp-block-spacer\"><\/div>\n\n\n\n<div class=\"wp-block-media-text is-stacked-on-mobile\" style=\"grid-template-columns:29% auto\"><figure class=\"wp-block-media-text__media\"><a href=\"https:\/\/www.swp.de\/suedwesten\/landkreise\/lk-ludwigsburg\/die-steinkaeuze-haben-es-ihm-angetan-30893002.html\" target=\"_blank\" rel=\" noreferrer noopener\"><img loading=\"lazy\" decoding=\"async\" width=\"768\" height=\"432\" src=\"http:\/\/janescher.de\/wp-content\/uploads\/2025\/10\/Herbert-Keil-768x432-1.jpg\" alt=\"\" class=\"wp-image-290 size-full\" srcset=\"https:\/\/www.eulenforschung.de\/wp-content\/uploads\/2025\/10\/Herbert-Keil-768x432-1.jpg 768w, https:\/\/www.eulenforschung.de\/wp-content\/uploads\/2025\/10\/Herbert-Keil-768x432-1-300x169.jpg 300w, https:\/\/www.eulenforschung.de\/wp-content\/uploads\/2025\/10\/Herbert-Keil-768x432-1-320x180.jpg 320w\" sizes=\"auto, (max-width: 768px) 100vw, 768px\" \/><\/a><\/figure><div class=\"wp-block-media-text__content\">\n<p><strong>02.05.2019: &#8222;Die Steink\u00e4uze haben es ihm angetan&#8220; (Bietigheimer Zeitung)<\/strong><\/p>\n\n\n\n<p>Herbert Keil hat sich mit der Bietigheimer Zeitung getroffen. Er erz\u00e4hlt, wie er vor \u00fcber 30 Jahren begann, sich f\u00fcr den Schutz der Steink\u00e4uze im Landkreis Ludwigsburg einzusetzen und wie sich das Projekt bis heute weiterentwickelte. (Bild: FOGE)<\/p>\n<\/div><\/div>\n","protected":false},"excerpt":{"rendered":"<p>Die Forschungsgemeinschaft zur Erhaltung einheimischer Eulen e. V. (FOGE) engagiert sich seit 1988 f\u00fcr den Schutz, die Erforschung und den Erhalt von Eulenarten \u2013 mit besonderem Fokus auf den Steinkauz&hellip;<\/p>\n","protected":false},"author":1,"featured_media":0,"parent":0,"menu_order":0,"comment_status":"closed","ping_status":"closed","template":"","meta":{"footnotes":""},"class_list":["post-124","page","type-page","status-publish","hentry","empty-entry-meta"],"yoast_head":"<!-- This site is optimized with the Yoast SEO plugin v27.5 - https:\/\/yoast.com\/product\/yoast-seo-wordpress\/ -->\n<title>\u00dcber uns - FOGE-Eulenforschung<\/title>\n<meta name=\"robots\" content=\"index, follow, max-snippet:-1, max-image-preview:large, max-video-preview:-1\" \/>\n<link rel=\"canonical\" href=\"https:\/\/www.eulenforschung.de\/index.php\/ueber-uns\/\" \/>\n<meta property=\"og:locale\" content=\"de_DE\" \/>\n<meta property=\"og:type\" content=\"article\" \/>\n<meta property=\"og:title\" content=\"\u00dcber uns - FOGE-Eulenforschung\" \/>\n<meta property=\"og:description\" content=\"Die Forschungsgemeinschaft zur Erhaltung einheimischer Eulen e. V. (FOGE) engagiert sich seit 1988 f\u00fcr den Schutz, die Erforschung und den Erhalt von Eulenarten \u2013 mit besonderem Fokus auf den Steinkauz&hellip;\" \/>\n<meta property=\"og:url\" content=\"https:\/\/www.eulenforschung.de\/index.php\/ueber-uns\/\" \/>\n<meta property=\"og:site_name\" content=\"FOGE-Eulenforschung\" \/>\n<meta property=\"article:modified_time\" content=\"2025-10-03T17:03:25+00:00\" \/>\n<meta property=\"og:image\" content=\"http:\/\/janescher.de\/wp-content\/uploads\/2025\/10\/csm_181201_Keil_01_d736520d0e-300x200-1.jpg\" \/>\n<meta name=\"twitter:card\" content=\"summary_large_image\" \/>\n<meta name=\"twitter:label1\" content=\"Gesch\u00e4tzte Lesezeit\" \/>\n\t<meta name=\"twitter:data1\" content=\"2\u00a0Minuten\" \/>\n<script type=\"application\/ld+json\" class=\"yoast-schema-graph\">{\"@context\":\"https:\\\/\\\/schema.org\",\"@graph\":[{\"@type\":\"WebPage\",\"@id\":\"https:\\\/\\\/www.eulenforschung.de\\\/index.php\\\/ueber-uns\\\/\",\"url\":\"https:\\\/\\\/www.eulenforschung.de\\\/index.php\\\/ueber-uns\\\/\",\"name\":\"\u00dcber uns - FOGE-Eulenforschung\",\"isPartOf\":{\"@id\":\"https:\\\/\\\/www.eulenforschung.de\\\/#website\"},\"primaryImageOfPage\":{\"@id\":\"https:\\\/\\\/www.eulenforschung.de\\\/index.php\\\/ueber-uns\\\/#primaryimage\"},\"image\":{\"@id\":\"https:\\\/\\\/www.eulenforschung.de\\\/index.php\\\/ueber-uns\\\/#primaryimage\"},\"thumbnailUrl\":\"http:\\\/\\\/janescher.de\\\/wp-content\\\/uploads\\\/2025\\\/10\\\/csm_181201_Keil_01_d736520d0e-300x200-1.jpg\",\"datePublished\":\"2025-09-20T16:29:35+00:00\",\"dateModified\":\"2025-10-03T17:03:25+00:00\",\"breadcrumb\":{\"@id\":\"https:\\\/\\\/www.eulenforschung.de\\\/index.php\\\/ueber-uns\\\/#breadcrumb\"},\"inLanguage\":\"de\",\"potentialAction\":[{\"@type\":\"ReadAction\",\"target\":[\"https:\\\/\\\/www.eulenforschung.de\\\/index.php\\\/ueber-uns\\\/\"]}]},{\"@type\":\"ImageObject\",\"inLanguage\":\"de\",\"@id\":\"https:\\\/\\\/www.eulenforschung.de\\\/index.php\\\/ueber-uns\\\/#primaryimage\",\"url\":\"http:\\\/\\\/janescher.de\\\/wp-content\\\/uploads\\\/2025\\\/10\\\/csm_181201_Keil_01_d736520d0e-300x200-1.jpg\",\"contentUrl\":\"http:\\\/\\\/janescher.de\\\/wp-content\\\/uploads\\\/2025\\\/10\\\/csm_181201_Keil_01_d736520d0e-300x200-1.jpg\"},{\"@type\":\"BreadcrumbList\",\"@id\":\"https:\\\/\\\/www.eulenforschung.de\\\/index.php\\\/ueber-uns\\\/#breadcrumb\",\"itemListElement\":[{\"@type\":\"ListItem\",\"position\":1,\"name\":\"Startseite\",\"item\":\"https:\\\/\\\/www.eulenforschung.de\\\/\"},{\"@type\":\"ListItem\",\"position\":2,\"name\":\"\u00dcber uns\"}]},{\"@type\":\"WebSite\",\"@id\":\"https:\\\/\\\/www.eulenforschung.de\\\/#website\",\"url\":\"https:\\\/\\\/www.eulenforschung.de\\\/\",\"name\":\"FOGE-Eulenforschung\",\"description\":\"Forschungsgemeinschaft zur Erhaltung einheimischer Eulen e.V.\",\"alternateName\":\"Forschungsgemeinschaft zur Erhaltung einheimischer Eulen e.V.\",\"potentialAction\":[{\"@type\":\"SearchAction\",\"target\":{\"@type\":\"EntryPoint\",\"urlTemplate\":\"https:\\\/\\\/www.eulenforschung.de\\\/?s={search_term_string}\"},\"query-input\":{\"@type\":\"PropertyValueSpecification\",\"valueRequired\":true,\"valueName\":\"search_term_string\"}}],\"inLanguage\":\"de\"}]}<\/script>\n<!-- \/ Yoast SEO plugin. -->","yoast_head_json":{"title":"\u00dcber uns - FOGE-Eulenforschung","robots":{"index":"index","follow":"follow","max-snippet":"max-snippet:-1","max-image-preview":"max-image-preview:large","max-video-preview":"max-video-preview:-1"},"canonical":"https:\/\/www.eulenforschung.de\/index.php\/ueber-uns\/","og_locale":"de_DE","og_type":"article","og_title":"\u00dcber uns - FOGE-Eulenforschung","og_description":"Die Forschungsgemeinschaft zur Erhaltung einheimischer Eulen e. V. (FOGE) engagiert sich seit 1988 f\u00fcr den Schutz, die Erforschung und den Erhalt von Eulenarten \u2013 mit besonderem Fokus auf den Steinkauz&hellip;","og_url":"https:\/\/www.eulenforschung.de\/index.php\/ueber-uns\/","og_site_name":"FOGE-Eulenforschung","article_modified_time":"2025-10-03T17:03:25+00:00","og_image":[{"url":"http:\/\/janescher.de\/wp-content\/uploads\/2025\/10\/csm_181201_Keil_01_d736520d0e-300x200-1.jpg","type":"","width":"","height":""}],"twitter_card":"summary_large_image","twitter_misc":{"Gesch\u00e4tzte Lesezeit":"2\u00a0Minuten"},"schema":{"@context":"https:\/\/schema.org","@graph":[{"@type":"WebPage","@id":"https:\/\/www.eulenforschung.de\/index.php\/ueber-uns\/","url":"https:\/\/www.eulenforschung.de\/index.php\/ueber-uns\/","name":"\u00dcber uns - FOGE-Eulenforschung","isPartOf":{"@id":"https:\/\/www.eulenforschung.de\/#website"},"primaryImageOfPage":{"@id":"https:\/\/www.eulenforschung.de\/index.php\/ueber-uns\/#primaryimage"},"image":{"@id":"https:\/\/www.eulenforschung.de\/index.php\/ueber-uns\/#primaryimage"},"thumbnailUrl":"http:\/\/janescher.de\/wp-content\/uploads\/2025\/10\/csm_181201_Keil_01_d736520d0e-300x200-1.jpg","datePublished":"2025-09-20T16:29:35+00:00","dateModified":"2025-10-03T17:03:25+00:00","breadcrumb":{"@id":"https:\/\/www.eulenforschung.de\/index.php\/ueber-uns\/#breadcrumb"},"inLanguage":"de","potentialAction":[{"@type":"ReadAction","target":["https:\/\/www.eulenforschung.de\/index.php\/ueber-uns\/"]}]},{"@type":"ImageObject","inLanguage":"de","@id":"https:\/\/www.eulenforschung.de\/index.php\/ueber-uns\/#primaryimage","url":"http:\/\/janescher.de\/wp-content\/uploads\/2025\/10\/csm_181201_Keil_01_d736520d0e-300x200-1.jpg","contentUrl":"http:\/\/janescher.de\/wp-content\/uploads\/2025\/10\/csm_181201_Keil_01_d736520d0e-300x200-1.jpg"},{"@type":"BreadcrumbList","@id":"https:\/\/www.eulenforschung.de\/index.php\/ueber-uns\/#breadcrumb","itemListElement":[{"@type":"ListItem","position":1,"name":"Startseite","item":"https:\/\/www.eulenforschung.de\/"},{"@type":"ListItem","position":2,"name":"\u00dcber uns"}]},{"@type":"WebSite","@id":"https:\/\/www.eulenforschung.de\/#website","url":"https:\/\/www.eulenforschung.de\/","name":"FOGE-Eulenforschung","description":"Forschungsgemeinschaft zur Erhaltung einheimischer Eulen e.V.","alternateName":"Forschungsgemeinschaft zur Erhaltung einheimischer Eulen e.V.","potentialAction":[{"@type":"SearchAction","target":{"@type":"EntryPoint","urlTemplate":"https:\/\/www.eulenforschung.de\/?s={search_term_string}"},"query-input":{"@type":"PropertyValueSpecification","valueRequired":true,"valueName":"search_term_string"}}],"inLanguage":"de"}]}},"_links":{"self":[{"href":"https:\/\/www.eulenforschung.de\/index.php\/wp-json\/wp\/v2\/pages\/124","targetHints":{"allow":["GET"]}}],"collection":[{"href":"https:\/\/www.eulenforschung.de\/index.php\/wp-json\/wp\/v2\/pages"}],"about":[{"href":"https:\/\/www.eulenforschung.de\/index.php\/wp-json\/wp\/v2\/types\/page"}],"author":[{"embeddable":true,"href":"https:\/\/www.eulenforschung.de\/index.php\/wp-json\/wp\/v2\/users\/1"}],"replies":[{"embeddable":true,"href":"https:\/\/www.eulenforschung.de\/index.php\/wp-json\/wp\/v2\/comments?post=124"}],"version-history":[{"count":34,"href":"https:\/\/www.eulenforschung.de\/index.php\/wp-json\/wp\/v2\/pages\/124\/revisions"}],"predecessor-version":[{"id":349,"href":"https:\/\/www.eulenforschung.de\/index.php\/wp-json\/wp\/v2\/pages\/124\/revisions\/349"}],"wp:attachment":[{"href":"https:\/\/www.eulenforschung.de\/index.php\/wp-json\/wp\/v2\/media?parent=124"}],"curies":[{"name":"wp","href":"https:\/\/api.w.org\/{rel}","templated":true}]}}